{"id":8003,"date":"2023-10-02T10:06:18","date_gmt":"2023-10-02T07:06:18","guid":{"rendered":"https:\/\/cancan.com.tr\/?page_id=8003"},"modified":"2023-10-02T10:19:25","modified_gmt":"2023-10-02T07:19:25","slug":"kisisel-verilerin-korunmasi-kanunu-aydinlatma-beyani","status":"publish","type":"page","link":"https:\/\/cancan.com.tr\/en\/gizlilik-politikasi-en-2\/","title":{"rendered":"Ki\u015fisel Verilerin Korunmas\u0131 Kanunu Ayd\u0131nlatma Beyan\u0131 EN"},"content":{"rendered":"<section class=\"wpb-content-wrapper\"><p>[vc_row full_width=&#8221;stretch_row_content&#8221; tlg_padding=&#8221;pt0 pb0&#8243; css=&#8221;.vc_custom_1695986246834{margin-top: 40px !important;margin-bottom: 0px !important;}&#8221; el_class=&#8221;sss-section&#8221;][vc_column width=&#8221;1\/4&#8243;][vc_row_inner css=&#8221;.vc_custom_1695878398253{padding-top: 20px !important;padding-right: 10px !important;padding-bottom: 20px !important;padding-left: 10px !important;}&#8221;][vc_column_inner css=&#8221;.vc_custom_1695985228330{border-top-width: 1px !important;border-right-width: 1px !important;border-bottom-width: 1px !important;border-left-width: 1px !important;padding-bottom: 50px !important;border-left-color: #ededed !important;border-left-style: solid !important;border-right-color: #ededed !important;border-right-style: solid !important;border-top-color: #ededed !important;border-top-style: solid !important;border-bottom-color: #ededed !important;border-bottom-style: solid !important;}&#8221;][vc_widget_sidebar sidebar_id=&#8221;page&#8221;][\/vc_column_inner][\/vc_row_inner][\/vc_column][vc_column width=&#8221;3\/4&#8243;][vc_row_inner css=&#8221;.vc_custom_1695987562812{padding-top: 0px !important;padding-bottom: 20px !important;}&#8221;][vc_column_inner css=&#8221;.vc_custom_1695986171792{border-top-width: 0px !important;border-right-width: 0px !important;border-bottom-width: 0px !important;border-left-width: 0px !important;border-left-color: #ededed !important;border-left-style: solid !important;border-right-color: #ededed !important;border-right-style: solid !important;border-top-color: #ededed !important;border-top-style: solid !important;border-bottom-color: #ededed !important;border-bottom-style: solid !important;}&#8221;][vc_column_text css=&#8221;.vc_custom_1696231078840{padding-bottom: 50px !important;}&#8221;]<\/p>\n<h2 class=\"vc_custom_heading align-left\">KVKK <strong>Ayd\u0131nlatma Beyan\u0131<\/strong><\/h2>\n<p>[\/vc_column_text][vc_column_text]<b>Tan\u0131mlar<\/b><\/p>\n<p>\u0130\u015fbu ayd\u0131nlatma metninde ge\u00e7en;<\/p>\n<p><b>Ki\u015fisel Veri:<\/b>\u00a0Kimli\u011fi belirli veya belirlenebilir ger\u00e7ek ki\u015fiye ili\u015fkin her t\u00fcrl\u00fc bilgiyi,<\/p>\n<p><b>Ki\u015fisel Verilerin Korunmas\u0131 Kanunu (\u201cKVKK\u201d):<\/b>\u00a07 Nisan 2016 tarihinde Resmi Gazete \u2019de yay\u0131nlanarak y\u00fcr\u00fcrl\u00fc\u011fe giren 6698 say\u0131l\u0131 Ki\u015fisel Verilerin Korunmas\u0131 Kanunu\u2019nu,<\/p>\n<p><b>Veri \u0130\u015fleyen:<\/b>\u00a0Veri sorumlusunun verdi\u011fi yetkiye dayanarak onun ad\u0131na Ki\u015fisel Verileri i\u015fleyen ger\u00e7ek veya t\u00fczel ki\u015fiyi,<\/p>\n<p><b>Veri Sorumlusu:<\/b>\u00a0Ki\u015fisel Verilerin i\u015fleme ama\u00e7lar\u0131n\u0131 ve vas\u0131talar\u0131n\u0131 belirleyen, veri kay\u0131t sisteminin kurulmas\u0131ndan ve y\u00f6netilmesinden sorumlu olan ger\u00e7ek veya t\u00fczel ki\u015fiyi, ifade eder.<\/p>\n<p><b>\u0130lgili Ki\u015fi:\u00a0<\/b>Ki\u015fisel verisi i\u015flenen ger\u00e7ek ki\u015fiyi ifade eder.<b><\/b><\/p>\n<p>Cancan Meyve Presleri Sanayi Ticaret Limited \u015eirketi. (\u201c\u015eirketimiz\u201d) olarak ba\u015fta temel hak ve \u00f6zg\u00fcrl\u00fckleri korumas\u0131 olmak \u00fczere \u00f6zel hayatlara ili\u015fkin gizlili\u011fin korunmas\u0131, bilgi g\u00fcvenli\u011finin sa\u011flanmas\u0131 ve korunmas\u0131, etik de\u011ferlere sayg\u0131 \u00f6ncelikli prensiplerimiz aras\u0131nda yer almaktad\u0131r. Buna ba\u011fl\u0131 olarak Ki\u015fisel Verilerin Korunmas\u0131 Kanunu (\u201cKVKK\u201d) 10. Maddesinden do\u011fan ayd\u0131nlatma y\u00fck\u00fcml\u00fcl\u00fc\u011f\u00fcm\u00fcz\u00fc yerine getirmek kapsam\u0131nda a\u015fa\u011f\u0131da verdi\u011fimiz a\u00e7\u0131klamalar\u0131m\u0131z bilgilerinize sunulmaktad\u0131r;<\/p>\n<p><b>Veri Sorumlusu<\/b><\/p>\n<p>Ki\u015fisel verileriniz bak\u0131m\u0131ndan \u201cVeri Sorumlusu\u201d; Sakarya Ticaret Sicili nezdinde 7586 sicil numaras\u0131 ile kay\u0131tl\u0131, 0-3880-4527-7200017 Mersis numaral\u0131, \u015firket merkezi Ye\u015filtepe Mahallesi 8030 Sokak No:15 Erenler\/SAKARYA, olan Cancan Meyve Presleri Sanayi Ticaret Limited \u015eirketi.<\/p>\n<p><b>Verisi Toplanan Taraflar<\/b><\/p>\n<p>Ki\u015fisel Verilen Korunmas\u0131 Kanunu kapsam\u0131nda \u015firketimiz ile i\u015f ili\u015fkisinde olan a\u015fa\u011f\u0131da belirtti\u011fimiz taraflar\u0131m\u0131z\u0131n verilerini toplanmaktay\u0131z. Bunlar;<\/p>\n<p>\u00b7\u00a0\u00a0\u00a0\u00a0\u00a0\u00a0\u00a0\u00a0 \u00c7al\u0131\u015fanlar\u0131n ve \u00c7al\u0131\u015fan adaylar\u0131m\u0131z\u0131n<\/p>\n<p>\u00b7\u00a0\u00a0\u00a0\u00a0\u00a0\u00a0\u00a0\u00a0 \u00c7al\u0131\u015fan ve \u00e7al\u0131\u015fan adaylar\u0131m\u0131z\u0131n aile bireylerinin ve yak\u0131nlar\u0131n\u0131n,<\/p>\n<p>\u00b7\u00a0\u00a0\u00a0\u00a0\u00a0\u00a0\u00a0\u00a0 M\u00fc\u015fterilerimizin,<\/p>\n<p>\u00b7\u00a0\u00a0\u00a0\u00a0\u00a0\u00a0\u00a0\u00a0 Tedarik\u00e7ilerimizin,<\/p>\n<p>\u00b7\u00a0\u00a0\u00a0\u00a0\u00a0\u00a0\u00a0\u00a0 Dan\u0131\u015fmanlar\u0131m\u0131z\u0131n,<\/p>\n<p>\u00b7\u00a0\u00a0\u00a0\u00a0\u00a0\u00a0\u00a0\u00a0 \u0130\u015f ortaklar\u0131m\u0131z\u0131n,<\/p>\n<p>\u00b7\u00a0\u00a0\u00a0\u00a0\u00a0\u00a0\u00a0\u00a0 Hissedarlar\u0131m\u0131z\u0131n,<\/p>\n<p>\u00b7\u00a0\u00a0\u00a0\u00a0\u00a0\u00a0\u00a0\u00a0 \u015eirket yetkililerimizin,<\/p>\n<p>\u00b7\u00a0\u00a0\u00a0\u00a0\u00a0\u00a0\u00a0\u00a0 \u015eirket vekillerimizin,<\/p>\n<p>\u00b7\u00a0\u00a0\u00a0\u00a0\u00a0\u00a0\u00a0\u00a0 S\u00f6zle\u015fme ili\u015fkisinde bulundu\u011fumuz ki\u015fi\/ki\u015filerin ve \u00e7al\u0131\u015fanlar\u0131n\u0131n<\/p>\n<p>\u00b7\u00a0\u00a0\u00a0\u00a0\u00a0\u00a0\u00a0\u00a0 Hukuki i\u015flemlerin muhatab\u0131 olan ki\u015fi\/ki\u015filerin,<\/p>\n<p>\u00b7\u00a0\u00a0\u00a0\u00a0\u00a0\u00a0\u00a0\u00a0 Anket kat\u0131l\u0131mc\u0131lar\u0131n\u0131n,<\/p>\n<p>\u00b7\u00a0\u00a0\u00a0\u00a0\u00a0\u00a0\u00a0\u00a0 Ziyaret\u00e7ilerimizin,<\/p>\n<p><b>\u015eirketimizin Taraflar\u0131ndan Toplad\u0131\u011f\u0131 ve \u0130\u015fledi\u011fi Veriler<\/b><\/p>\n<p>Ki\u015fisel Verilerin Korunmas\u0131 Kanunu 5 ve 6. Maddesi kapsam\u0131nda \u015firketimiz taraflar\u0131ndan a\u015fa\u011f\u0131da belirtilen verileri toplamakta ve i\u015flemekteyiz. Bunlar;<\/p>\n<p>\u00b7\u00a0\u00a0\u00a0\u00a0\u00a0\u00a0\u00a0\u00a0 Aile ve sosyal ya\u015fant\u0131 bilgileri,<\/p>\n<p>\u00b7\u00a0\u00a0\u00a0\u00a0\u00a0\u00a0\u00a0\u00a0 E\u011fitim ve \u00f6\u011fretim bilgileri,<\/p>\n<p>\u00b7\u00a0\u00a0\u00a0\u00a0\u00a0\u00a0\u00a0\u00a0 \u0130stihdam bilgileri,<\/p>\n<p>\u00b7\u00a0\u00a0\u00a0\u00a0\u00a0\u00a0\u00a0\u00a0 Talep\/\u015fik\u00e2yet y\u00f6netimi ile ilgili bilgileri,<\/p>\n<p>\u00b7\u00a0\u00a0\u00a0\u00a0\u00a0\u00a0\u00a0\u00a0 Hukuki i\u015flere ili\u015fkin bilgileri,<\/p>\n<p>\u00b7\u00a0\u00a0\u00a0\u00a0\u00a0\u00a0\u00a0\u00a0 Etik de\u011ferlere ve hukuka uyuma ili\u015fkin bilgileri,<\/p>\n<p>\u00b7\u00a0\u00a0\u00a0\u00a0\u00a0\u00a0\u00a0\u00a0 Finansal bilgileri,<\/p>\n<p>\u00b7\u00a0\u00a0\u00a0\u00a0\u00a0\u00a0\u00a0\u00a0 Denetim bilgileri,<\/p>\n<p>\u00b7\u00a0\u00a0\u00a0\u00a0\u00a0\u00a0\u00a0\u00a0 Elektronik medya kullan\u0131m\u0131 bilgileri,<\/p>\n<p>\u00b7\u00a0\u00a0\u00a0\u00a0\u00a0\u00a0\u00a0\u00a0 Sa\u011flanan ve temin edilen mal ve hizmetlerle ilgili bilgiler,<\/p>\n<p>\u00b7\u00a0\u00a0\u00a0\u00a0\u00a0\u00a0\u00a0\u00a0 \u0130\u015f aktiviteleri bilgileri,<\/p>\n<p>\u00b7\u00a0\u00a0\u00a0\u00a0\u00a0\u00a0\u00a0\u00a0 Ticaret ve di\u011fer lisans ve izinlerle ilgili bilgiler,<\/p>\n<p>\u00b7\u00a0\u00a0\u00a0\u00a0\u00a0\u00a0\u00a0\u00a0 Fiziksel mek\u00e2n g\u00fcvenlik bilgileri,<\/p>\n<p>\u00b7\u00a0\u00a0\u00a0\u00a0\u00a0\u00a0\u00a0\u00a0 G\u00f6rsel ve i\u015fitsel bilgiler (foto\u011fraf, kamera, ses kay\u0131tlar\u0131),<\/p>\n<p>\u00b7\u00a0\u00a0\u00a0\u00a0\u00a0\u00a0\u00a0\u00a0 Telekom\u00fcnikasyon kay\u0131tlar\u0131,<\/p>\n<p>\u00b7\u00a0\u00a0\u00a0\u00a0\u00a0\u00a0\u00a0\u00a0 E-posta ve bilgi sistemleri hizmetleri kullan\u0131m kay\u0131tlar\u0131,<\/p>\n<p>\u00b7\u00a0\u00a0\u00a0\u00a0\u00a0\u00a0\u00a0\u00a0 Giri\u015f kay\u0131tlar\u0131,<\/p>\n<p>\u00b7\u00a0\u00a0\u00a0\u00a0\u00a0\u00a0\u00a0\u00a0 Sa\u011fl\u0131k raporlar\u0131 ve sa\u011fl\u0131k bilgileri,<\/p>\n<p>\u00b7\u00a0\u00a0\u00a0\u00a0\u00a0\u00a0\u00a0\u00a0 Biyometrik veriler ve<\/p>\n<p>\u00b7\u00a0\u00a0\u00a0\u00a0\u00a0\u00a0\u00a0\u00a0 Adli sicil kay\u0131t bilgileri<b><\/b><\/p>\n<p><b>\u015eirketimizin Veri Toplama Ama\u00e7lar\u0131<\/b><\/p>\n<p>Ki\u015fisel Verilerin Korunmas\u0131 Kanunu 5 ve 6. Maddesi kapsam\u0131nda a\u015fa\u011f\u0131da belirtti\u011fimiz \u015firket ama\u00e7lar\u0131m\u0131z\u0131, ilgili ama\u00e7lar ile s\u0131n\u0131rl\u0131 olmak kayd\u0131 ile ger\u00e7ekle\u015ftirebilmek i\u00e7in veri toplamakta ve i\u015flenmekteyiz. Bunlar;<\/p>\n<p>\u00b7\u00a0\u00a0\u00a0\u00a0\u00a0\u00a0\u00a0\u00a0 \u015eirketimizin ticari faaliyetlerin ger\u00e7ekle\u015ftirilmesi.<\/p>\n<p>\u00b7\u00a0\u00a0\u00a0\u00a0\u00a0\u00a0\u00a0\u00a0 Ticari faaliyetlerine ba\u011fl\u0131 i\u015f s\u00fcre\u00e7leri yerine getirebilmesi,<\/p>\n<p>\u00b7\u00a0\u00a0\u00a0\u00a0\u00a0\u00a0\u00a0\u00a0 \u00a0\u0130\u015f ortaklar\u0131 ve\/veya tedarik\u00e7ileri ile olan ili\u015fkilerin y\u00f6netimi ve y\u00fcr\u00fct\u00fclmesi,<\/p>\n<p>\u00b7\u00a0\u00a0\u00a0\u00a0\u00a0\u00a0\u00a0\u00a0 \u015eirketimizin web sitelerinin teknik olarak y\u00f6netimi,<\/p>\n<p>\u00b7\u00a0\u00a0\u00a0\u00a0\u00a0\u00a0\u00a0\u00a0 M\u00fc\u015fteri y\u00f6netimi ve \u015fikayetlerin takibi,<\/p>\n<p>\u00b7\u00a0\u00a0\u00a0\u00a0\u00a0\u00a0\u00a0\u00a0 \u00dcr\u00fcn anketleri ve \u015eirketimize g\u00f6nderdi\u011finiz sorular\u0131n takibi,<\/p>\n<p>\u00b7\u00a0\u00a0\u00a0\u00a0\u00a0\u00a0\u00a0\u00a0 \u015eirketimiz taraf\u0131ndan sunulan \u00fcr\u00fcn ve hizmetlerden sizleri faydaland\u0131rmak i\u00e7in gerekli \u00e7al\u0131\u015fmalar\u0131n i\u015f birimlerimiz taraf\u0131ndan yap\u0131lmas\u0131,<\/p>\n<p>\u00b7\u00a0\u00a0\u00a0\u00a0\u00a0\u00a0\u00a0\u00a0 \u00dcr\u00fcn ve\/veya hizmetlerin sat\u0131\u015f, pazarlama, sat\u0131\u015f sonras\u0131 s\u00fcre\u00e7lerinin planlanmas\u0131 ve icras\u0131,<\/p>\n<p>\u00b7\u00a0\u00a0\u00a0\u00a0\u00a0\u00a0\u00a0\u00a0 \u00dcr\u00fcn ve hizmetlerin i\u00e7erikleri konusunda bilgilendirme yap\u0131lmas\u0131,<\/p>\n<p>\u00b7\u00a0\u00a0\u00a0\u00a0\u00a0\u00a0\u00a0\u00a0 Yasal mevzuata uygun \u015fekilde ayr\u0131ca onay al\u0131nmak suretiyle ticari elektronik ileti g\u00f6nderilebilmesi,<\/p>\n<p>\u00b7\u00a0\u00a0\u00a0\u00a0\u00a0\u00a0\u00a0\u00a0 Yar\u0131\u015fma, etkinlik ve di\u011fer organizasyonlar\u0131n y\u00fcr\u00fct\u00fclmesi,<\/p>\n<p>\u00b7\u00a0\u00a0\u00a0\u00a0\u00a0\u00a0\u00a0\u00a0 \u015eirketimizin ve \u015eirketimizle i\u015f ili\u015fkisi i\u00e7erisinde olan ki\u015filerle hukuki ve ticari ili\u015fkilerin y\u00fcr\u00fct\u00fclmesi ve bu ili\u015fkilerin g\u00fcvenli\u011finin temini,<\/p>\n<p>\u00b7\u00a0\u00a0\u00a0\u00a0\u00a0\u00a0\u00a0\u00a0 \u015eirketimiz taraf\u0131ndan y\u00fcr\u00fct\u00fclen ileti\u015fime y\u00f6nelik idari operasyonlar,<\/p>\n<p>\u00b7\u00a0\u00a0\u00a0\u00a0\u00a0\u00a0\u00a0\u00a0 \u00c7al\u0131\u015fan idaresi ve y\u00f6netimi,<\/p>\n<p>\u00b7\u00a0\u00a0\u00a0\u00a0\u00a0\u00a0\u00a0\u00a0 \u015eirkete ait lokasyonlar\u0131n fiziksel g\u00fcvenli\u011fini ve denetiminin sa\u011flanmas\u0131,<\/p>\n<p>\u00b7\u00a0\u00a0\u00a0\u00a0\u00a0\u00a0\u00a0\u00a0 Lojistik faaliyetlerinin planlanmas\u0131,<\/p>\n<p>\u00b7\u00a0\u00a0\u00a0\u00a0\u00a0\u00a0\u00a0\u00a0 \u0130tibar ara\u015ft\u0131rma s\u00fcre\u00e7lerinin y\u00fcr\u00fct\u00fclmesi,<\/p>\n<p>\u00b7\u00a0\u00a0\u00a0\u00a0\u00a0\u00a0\u00a0\u00a0 Etik de\u011ferlere ve hukuka uyum ve hukuki i\u015f ve prosed\u00fcrlerin y\u00fcr\u00fct\u00fclmesi,<\/p>\n<p>\u00b7\u00a0\u00a0\u00a0\u00a0\u00a0\u00a0\u00a0\u00a0 S\u00f6zle\u015fme s\u00fcre\u00e7lerinin ve\/veya hukuki taleplerin takibi,<\/p>\n<p>\u00b7\u00a0\u00a0\u00a0\u00a0\u00a0\u00a0\u00a0\u00a0 \u0130nsan Kaynaklar\u0131 ve personel al\u0131m s\u00fcre\u00e7lerinin planlanmas\u0131, y\u00fcr\u00fct\u00fclmesi ile e\u011fitim ve \u00f6\u011fretim faaliyetlerinin takibi ve ger\u00e7ekle\u015ftirilmesi,<\/p>\n<p>\u00b7\u00a0\u00a0\u00a0\u00a0\u00a0\u00a0\u00a0\u00a0 \u0130\u015f sa\u011fl\u0131\u011f\u0131 ve\/veya g\u00fcvenli\u011fi s\u00fcre\u00e7lerinin planlanmas\u0131 ve\/veya icras\u0131,<\/p>\n<p>\u00b7\u00a0\u00a0\u00a0\u00a0\u00a0\u00a0\u00a0\u00a0 Ara\u015ft\u0131rma ve geli\u015ftirme faaliyetlerinin y\u00fcr\u00fct\u00fcm\u00fc ile \u015eirketimizin te\u015fviklerden faydalanabilmesinin sa\u011flanmas\u0131,<\/p>\n<p>\u00b7\u00a0\u00a0\u00a0\u00a0\u00a0\u00a0\u00a0\u00a0 Kurumsal ileti\u015fim ve kurumsal y\u00f6netim faaliyetlerinin planlanmas\u0131 ve y\u00fcr\u00fct\u00fclmesi,<\/p>\n<p>\u00b7\u00a0\u00a0\u00a0\u00a0\u00a0\u00a0\u00a0\u00a0 Bilgi g\u00fcvenli\u011fi y\u00f6netimi hizmetlerinin y\u00fcr\u00fct\u00fclmesi,<\/p>\n<p>\u00b7\u00a0\u00a0\u00a0\u00a0\u00a0\u00a0\u00a0\u00a0 Finans ve\/veya muhasebe i\u015flerinin takibi, denetimi ile m\u00fc\u015fterilerin finansal risklerinin tespitine y\u00f6nelik faaliyetlerin y\u00fcr\u00fct\u00fclmesi,<\/p>\n<p>\u00b7\u00a0\u00a0\u00a0\u00a0\u00a0\u00a0\u00a0\u00a0 \u015eirketimizin ticari ve i\u015f stratejilerinin belirlenmesi ve uygulanmas\u0131,<\/p>\n<p>\u00b7\u00a0\u00a0\u00a0\u00a0\u00a0\u00a0\u00a0\u00a0 Ziyaret\u00e7i kay\u0131tlar\u0131n\u0131n olu\u015fturulmas\u0131 ve takibi,<\/p>\n<p>\u00b7\u00a0\u00a0\u00a0\u00a0\u00a0\u00a0\u00a0\u00a0 Bilginin elde edilmesi esnas\u0131nda ilgili ki\u015fiye bildirilecek sair ama\u00e7 yada ama\u00e7larla<\/p>\n<p>\u00b7\u00a0\u00a0\u00a0\u00a0\u00a0\u00a0\u00a0\u00a0 \u00a0\u0130lgili mevzuat\u0131n gerektirdi\u011fi veya zorunlu k\u0131ld\u0131\u011f\u0131 \u015fekilde yasal y\u00fck\u00fcml\u00fcl\u00fcklerin yerine getirilmesini sa\u011flamak \u00fczere,<\/p>\n<p><b>\u015eirketimiz Taraf\u0131ndan Ama\u00e7lar\u0131 Dahilinde Toplanan ve \u0130\u015flenen Verilerin Aktar\u0131m\u0131<\/b><\/p>\n<p>Ki\u015fisel Verilerin Korunmas\u0131 Kanunu 8 ve 9. Maddelerinde belirtilen ki\u015fisel veri i\u015fleme \u015fartlar\u0131 ve ama\u00e7lar\u0131 \u00e7er\u00e7evesinde \u015firketimiz taraf\u0131ndan toplanan ki\u015fisel verileriniz yukar\u0131da detaylar\u0131 verilen ama\u00e7lar\u0131m\u0131z dahilinde i\u015ftiraklerimize, hissedarlar\u0131m\u0131za, i\u015f ortaklar\u0131m\u0131za (yaln\u0131zca anonim olarak), kanunen yetkili kamu kurumlar\u0131 ve \u00f6zel ki\u015filer ile di\u011fer ki\u015filerle payla\u015f\u0131labilecektir.<b><\/b><\/p>\n<p><b>\u015eirketimiz Taraf\u0131ndan Verilerin Toplanma Y\u00f6ntemi ve Hukuki Sebebi<\/b><\/p>\n<p>Ki\u015fisel veriler, \u015firketimiz taraf\u0131ndan ki\u015fisel veri sahiplerine a\u00e7\u0131k\u00e7a ve anla\u015f\u0131labilir bir \u015fekilde s\u00f6zl\u00fc, yaz\u0131l\u0131 ve\/veya elektronik bilgilendirmede bulunularak ve gerekti\u011finde a\u00e7\u0131k r\u0131zalar\u0131 al\u0131narak s\u00f6zl\u00fc, yaz\u0131l\u0131 ve\/veya elektronik yollarla, hukuka ve d\u00fcr\u00fcstl\u00fck kurallar\u0131na uygun olarak, yukar\u0131da a\u00e7\u0131k\u00e7a belirtilen me\u015fru ama\u00e7larla ba\u011flant\u0131l\u0131 ve s\u0131n\u0131rl\u0131 olmak kayd\u0131yla, \u00f6l\u00e7\u00fcl\u00fcl\u00fck prensibi \u00e7er\u00e7evesinde toplanmakta, kullan\u0131lmakta, kaydedilmekte, depolanmakta ve i\u015flenmektedir.<\/p>\n<p>Ki\u015fisel verilerinizin \u015firketimiz taraf\u0131ndan, bu ayd\u0131nlatma belgesinde belirtilen ama\u00e7lar d\u0131\u015f\u0131nda i\u015flenmeyece\u011fini, yurt i\u00e7inde ve yurt d\u0131\u015f\u0131nda bulunan 3. ki\u015filere aktar\u0131lmayaca\u011f\u0131n\u0131 ve saklanmayaca\u011f\u0131n\u0131 temin ederiz.<\/p>\n<p><b>\u015eirketimiz Taraf\u0131ndan Toplanan Verilerin Saklanma S\u00fcresi<\/b><\/p>\n<p>Ki\u015fisel verileriniz, ilgili yasal mevzuatlarda belirtilen saklama s\u00fcrelerince, ilgili yasal mevzuatlarda herhangi bir s\u00fcre belirlenmemi\u015fse \u015eirketimizin uygulamalar\u0131 ve ticari ya\u015fam\u0131n\u0131n team\u00fclleri uyar\u0131nca veya yukar\u0131da an\u0131lan i\u015fleme ama\u00e7lar\u0131n\u0131n gerekli k\u0131ld\u0131\u011f\u0131 s\u00fcre boyunca verileriniz saklanmakta ve sonras\u0131nda Ki\u015fisel Verilerin Korunmas\u0131 Kanunu 7. Maddesine uygun olarak silinmekte, yok edilmekte ya da anonim hale getirilmektedir.<\/p>\n<p><b>\u015eirketimiz Taraf\u0131ndan Toplanan ve \u0130\u015flenen Verilerinizin G\u00fcvenli\u011fi<\/b><\/p>\n<p>Ki\u015fisel verileriniz, i\u015flendikleri ve sakland\u0131klar\u0131 ortamlarda yetkisiz eri\u015fime maruz kalmamalar\u0131, kaybolmamalar\u0131 ve zarar g\u00f6rmemeleri amac\u0131yla y\u00f6netimimiz taraf\u0131ndan te\u015fvik edilen Bilgi G\u00fcvenli\u011fi Y\u00f6netim Sistemi (ISO 27001 Standard\u0131 ve iyi uygulamas\u0131 kitap\u00e7\u0131\u011f\u0131 27018) teknik ve idari tedbirlerini, Ki\u015fisel Veri Koruma Y\u00f6netim Sistemi (Bureau Veritas \u2013 Veri Koruma Teknik Standard\u0131, BS 10012 Veri Koruma Ki\u015fisel Bilgi Y\u00f6netim Sistemi Standard\u0131) gereklilikleri ve ayr\u0131ca KVKK kurulu taraf\u0131ndan yay\u0131mlanm\u0131\u015f Ki\u015fisel Veri G\u00fcvenli\u011fi Rehberi gereklilikleri s\u00fcrekli i\u015fletilmekte ve s\u00fcrekli iyile\u015ftirme kapsam\u0131nda geli\u015ftirmektedir.<b>\u00a0<\/b><\/p>\n<p><b>Verisi Toplanan ve \u0130\u015flenen \u0130lgili Ki\u015finin Haklar\u0131<\/b><\/p>\n<p>Ki\u015fisel Verilerin Korunmas\u0131 Kanunu 11. Maddesi uyar\u0131nca herkes, veri sorumlusuna ba\u015fvurarak kendisiyle ilgili;<\/p>\n<p><b>a)<\/b>\u00a0Ki\u015fisel verilerinin i\u015flenip i\u015flenmedi\u011fini \u00f6\u011frenme,<\/p>\n<p><b>b)<\/b>\u00a0Ki\u015fisel verileri i\u015flenmi\u015fse buna ili\u015fkin bilgi talep etme,<\/p>\n<p><b>c)<\/b>\u00a0Ki\u015fisel verilerin i\u015flenme amac\u0131n\u0131 ve bunlar\u0131n amac\u0131na uygun kullan\u0131l\u0131p kullan\u0131lmad\u0131\u011f\u0131n\u0131 \u00f6\u011frenme,<\/p>\n<p><b>d)<\/b>\u00a0Yurt i\u00e7inde veya yurt d\u0131\u015f\u0131nda ki\u015fisel verilerin aktar\u0131ld\u0131\u011f\u0131 \u00fc\u00e7\u00fcnc\u00fc ki\u015fileri bilme,<\/p>\n<p><b>e)<\/b>\u00a0Ki\u015fisel verilerin eksik veya yanl\u0131\u015f i\u015flenmi\u015f olmas\u0131 h\u00e2linde bunlar\u0131n d\u00fczeltilmesini isteme,<\/p>\n<p><b>f)<\/b>\u00a0\u00a0Ki\u015fisel Verilerin Korunmas\u0131 Kanunu 7. Maddesinde \u00f6ng\u00f6r\u00fclen \u015fartlar \u00e7er\u00e7evesinde ki\u015fisel verilerin silinmesini veya yok edilmesini isteme,<\/p>\n<p><b>g)<\/b>\u00a0(d) ve (e) bentleri uyar\u0131nca yap\u0131lan i\u015flemlerin, ki\u015fisel verilerin aktar\u0131ld\u0131\u011f\u0131 \u00fc\u00e7\u00fcnc\u00fc ki\u015filere<\/p>\n<p>bildirilmesini isteme,<\/p>\n<p><b>h)<\/b>\u00a0\u0130\u015flenen verilerin m\u00fcnhas\u0131ran otomatik sistemler vas\u0131tas\u0131yla analiz edilmesi suretiyle ki\u015finin kendisi aleyhine bir sonucun ortaya \u00e7\u0131kmas\u0131na itiraz etme,<\/p>\n<p><b>\u0131)<\/b>\u00a0Ki\u015fisel verilerin kanuna ayk\u0131r\u0131 olarak i\u015flenmesi sebebiyle zarara u\u011framas\u0131 h\u00e2linde zarar\u0131n giderilmesini talep etme, haklar\u0131na sahiptir.<\/p>\n<p><b>\u0130lgi Ki\u015finin Haklar\u0131 \u00c7er\u00e7evesinde Ba\u015fvuru Y\u00f6ntemleri<\/b><\/p>\n<p>Ki\u015fisel Verilerin Korunmas\u0131 Kanunu 13. Maddesinin 1. f\u0131kras\u0131 gere\u011fince, yukar\u0131da belirtilen haklar\u0131n\u0131z\u0131 kullanmak ile ilgili talebinizi, 10 Mart 2018, 30356 Say\u0131l\u0131 yay\u0131mlanm\u0131\u015f \u201cVeri Sorumlusuna Ba\u015fvuru Usul ve Esaslar\u0131 Hakk\u0131nda Tebli\u011f\u201d istinaden a\u015fa\u011f\u0131da ki y\u00f6ntemler ve bilgiler ile ger\u00e7ekle\u015ftirebilirsiniz.<\/p>\n<p><b>Ba\u015fvuru i\u00e7eri\u011finde gerekli bilgiler;<\/b><\/p>\n<p>1.\u00a0 Ba\u015fvuru sahibinin, Ad, Soyad bilgisi.<\/p>\n<p>2.\u00a0 Ba\u015fvuru sahibi T\u00fcrkiye Cumhuriyeti vatanda\u015f\u0131 ise TC Kimlik Numaras\u0131 e\u011fer de\u011fil ise Uyru\u011fu ile birlikte Pasaport numaras\u0131 veya var ise Kimlik numaras\u0131.<\/p>\n<p>3.\u00a0 Ba\u015fvuru sahibinin, Tebligata esas yerle\u015fim yeri veya i\u015f yeri adresi.<\/p>\n<p>4.\u00a0 Ba\u015fvuru sahibinin bildirime esas elektronik posta adresi, telefon veya faks.<\/p>\n<p>5.\u00a0 Ba\u015fvuru sahibinin, Talep konusu.<\/p>\n<p>6.\u00a0 Ba\u015fvuru sahibinin talep konusuna istinaden bilgi ve belgeler.<\/p>\n<p><b>Ba\u015fvuru Y\u00f6ntemleri;<\/b><\/p>\n<p>1.\u00a0 Ba\u015fvuru sahibi, \u015fahsen Cancan Meyve Presleri Sanayi Ticaret Limited \u015eirketi Ye\u015filtepe Mahallesi 8030 Sokak No:15 Erenler\/SAKARYA adresine \u00abBa\u015fvuru Formu\u00bb doldurarak kapal\u0131 zarf ve zarf\u0131n \u00fczerine \u00abKi\u015fisel Verilerin Korunmas\u0131 Kanunu Gere\u011fi Bilgi Talebi\u00bb notu ile dan\u0131\u015fma ofise elden tutanak ile teslimat yapabilir.<\/p>\n<p>2. Ba\u015fvuru sahibi, Noter arac\u0131l\u0131\u011f\u0131 ileCancan Meyve Presleri Sanayi Ticaret Limited \u015eirketi Ye\u015filtepe Mahallesi 8030 Sokak No:15 Erenler\/SAKARYA adresine tebligat \u00e7ekebilir fakat tebligat zarf\u0131 \u00fczerine \u00abKi\u015fisel Verilerin Korunmas\u0131 Kanunu Gere\u011fi Bilgi Talebi\u00bb notu ibaresi eklenmelidir.<\/p>\n<p>3. 5070 Say\u0131l\u0131 Elektronik imza\u00a0<a href=\"https:\/\/jetbahisslot.com\/\" target=\"_blank\" rel=\"noopener\">Jetbahis<\/a>\u00a0kanununda tan\u0131ml\u0131 olan \u00abG\u00fcvenli Elektronik \u0130mza\u00bb ile ba\u015fvuru sahibi \u015fahsen \u015firketimiz Kay\u0131tl\u0131 Elektronik Posta \u201c<strong><a href=\"mailto:cancanmeyvepresleri@hs03.kep.tr\">cancanmeyvepresleri@hs03.kep.tr<\/a><\/strong>\u201d\u00a0 adresine konu k\u0131sm\u0131na \u00abKi\u015fisel Verilerin Korunmas\u0131 Kanunu Gere\u011fi Bilgi Talebi\u00bb notu ile ba\u015fvuru yapabilir.<\/p>\n<p>Yukar\u0131da belirtilen haklar\u0131n\u0131z ile ilgili ba\u015fvuru formumuza ise buradan ula\u015fabilirsiniz.[\/vc_column_text][\/vc_column_inner][\/vc_row_inner][\/vc_column][\/vc_row][vc_row][vc_column][\/vc_column][\/vc_row]<\/p>\n<\/section>","protected":false},"excerpt":{"rendered":"<p>[vc_row full_width=&#8221;stretch_row_content&#8221; tlg_padding=&#8221;pt0 pb0&#8243; css=&#8221;.vc_custom_1695986246834{margin-top: 40px !important;margin-bottom: 0px !important;}&#8221; el_class=&#8221;sss-section&#8221;][vc_column width=&#8221;1\/4&#8243;][vc_row_inner css=&#8221;.vc_custom_1695878398253{padding-top: 20px !important;padding-right: 10px !important;padding-bottom:&#8230;<\/p>\n","protected":false},"author":1,"featured_media":0,"parent":0,"menu_order":0,"comment_status":"closed","ping_status":"closed","template":"page_sidebar.php","meta":{"footnotes":""},"class_list":["post-8003","page","type-page","status-publish","hentry"],"acf":[],"yoast_head":"<!-- This site is optimized with the Yoast SEO plugin v27.0 - https:\/\/yoast.com\/product\/yoast-seo-wordpress\/ -->\n<title>Ki\u015fisel Verilerin Korunmas\u0131 Kanunu Ayd\u0131nlatma Beyan\u0131 EN - Cancan Meyve Presleri<\/title>\n<meta name=\"robots\" content=\"index, follow, max-snippet:-1, max-image-preview:large, max-video-preview:-1\" \/>\n<link rel=\"canonical\" href=\"https:\/\/cancan.com.tr\/gizlilik-politikasi-2\/\" \/>\n<meta property=\"og:locale\" content=\"en_US\" \/>\n<meta property=\"og:type\" content=\"article\" \/>\n<meta property=\"og:title\" content=\"[:en]Ki\u015fisel Verilerin Korunmas\u0131 Kanunu Ayd\u0131nlatma Beyan\u0131 EN[:tr]Ki\u015fisel Verilerin Korunmas\u0131 Kanunu Ayd\u0131nlatma Beyan\u0131[:] - Cancan Meyve Presleri\" \/>\n<meta property=\"og:description\" content=\"[vc_row full_width=&#8221;stretch_row_content&#8221; tlg_padding=&#8221;pt0 pb0&#8243; css=&#8221;.vc_custom_1695986246834{margin-top: 40px !important;margin-bottom: 0px !important;}&#8221; el_class=&#8221;sss-section&#8221;][vc_column width=&#8221;1\/4&#8243;][vc_row_inner css=&#8221;.vc_custom_1695878398253{padding-top: 20px !important;padding-right: 10px !important;padding-bottom:...\" \/>\n<meta property=\"og:url\" content=\"https:\/\/cancan.com.tr\/gizlilik-politikasi-2\/\" \/>\n<meta property=\"og:site_name\" content=\"Cancan Meyve Presleri\" \/>\n<meta property=\"article:modified_time\" content=\"2023-10-02T07:19:25+00:00\" \/>\n<meta name=\"twitter:card\" content=\"summary_large_image\" \/>\n<meta name=\"twitter:label1\" content=\"Est. reading time\" \/>\n\t<meta name=\"twitter:data1\" content=\"10 minutes\" \/>\n<script type=\"application\/ld+json\" class=\"yoast-schema-graph\">{\"@context\":\"https:\/\/schema.org\",\"@graph\":[{\"@type\":\"WebPage\",\"@id\":\"https:\/\/cancan.com.tr\/gizlilik-politikasi-2\/\",\"url\":\"https:\/\/cancan.com.tr\/gizlilik-politikasi-2\/\",\"name\":\"[:en]Ki\u015fisel Verilerin Korunmas\u0131 Kanunu Ayd\u0131nlatma Beyan\u0131 EN[:tr]Ki\u015fisel Verilerin Korunmas\u0131 Kanunu Ayd\u0131nlatma Beyan\u0131[:] - Cancan Meyve Presleri\",\"isPartOf\":{\"@id\":\"https:\/\/cancan.com.tr\/#website\"},\"datePublished\":\"2023-10-02T07:06:18+00:00\",\"dateModified\":\"2023-10-02T07:19:25+00:00\",\"breadcrumb\":{\"@id\":\"https:\/\/cancan.com.tr\/gizlilik-politikasi-2\/#breadcrumb\"},\"inLanguage\":\"en-US\",\"potentialAction\":[{\"@type\":\"ReadAction\",\"target\":[\"https:\/\/cancan.com.tr\/gizlilik-politikasi-2\/\"]}]},{\"@type\":\"BreadcrumbList\",\"@id\":\"https:\/\/cancan.com.tr\/gizlilik-politikasi-2\/#breadcrumb\",\"itemListElement\":[{\"@type\":\"ListItem\",\"position\":1,\"name\":\"Anasayfa\",\"item\":\"https:\/\/cancan.com.tr\/\"},{\"@type\":\"ListItem\",\"position\":2,\"name\":\"Ki\u015fisel Verilerin Korunmas\u0131 Kanunu Ayd\u0131nlatma Beyan\u0131\"}]},{\"@type\":\"WebSite\",\"@id\":\"https:\/\/cancan.com.tr\/#website\",\"url\":\"https:\/\/cancan.com.tr\/\",\"name\":\"Cancan Meyve Presleri\",\"description\":\"www.cancan.com.tr\",\"publisher\":{\"@id\":\"https:\/\/cancan.com.tr\/#organization\"},\"potentialAction\":[{\"@type\":\"SearchAction\",\"target\":{\"@type\":\"EntryPoint\",\"urlTemplate\":\"https:\/\/cancan.com.tr\/?s={search_term_string}\"},\"query-input\":{\"@type\":\"PropertyValueSpecification\",\"valueRequired\":true,\"valueName\":\"search_term_string\"}}],\"inLanguage\":\"en-US\"},{\"@type\":\"Organization\",\"@id\":\"https:\/\/cancan.com.tr\/#organization\",\"name\":\"Cancan Meyve Presleri\",\"url\":\"https:\/\/cancan.com.tr\/\",\"logo\":{\"@type\":\"ImageObject\",\"inLanguage\":\"en-US\",\"@id\":\"https:\/\/cancan.com.tr\/#\/schema\/logo\/image\/\",\"url\":\"https:\/\/cancan.com.tr\/wp-content\/uploads\/2026\/03\/CancanLogo.png\",\"contentUrl\":\"https:\/\/cancan.com.tr\/wp-content\/uploads\/2026\/03\/CancanLogo.png\",\"width\":362,\"height\":67,\"caption\":\"Cancan Meyve Presleri\"},\"image\":{\"@id\":\"https:\/\/cancan.com.tr\/#\/schema\/logo\/image\/\"}}]}<\/script>\n<!-- \/ Yoast SEO plugin. -->","yoast_head_json":{"title":"[:en]Ki\u015fisel Verilerin Korunmas\u0131 Kanunu Ayd\u0131nlatma Beyan\u0131 EN[:tr]Ki\u015fisel Verilerin Korunmas\u0131 Kanunu Ayd\u0131nlatma Beyan\u0131[:] - Cancan Meyve Presleri","robots":{"index":"index","follow":"follow","max-snippet":"max-snippet:-1","max-image-preview":"max-image-preview:large","max-video-preview":"max-video-preview:-1"},"canonical":"https:\/\/cancan.com.tr\/gizlilik-politikasi-2\/","og_locale":"en_US","og_type":"article","og_title":"[:en]Ki\u015fisel Verilerin Korunmas\u0131 Kanunu Ayd\u0131nlatma Beyan\u0131 EN[:tr]Ki\u015fisel Verilerin Korunmas\u0131 Kanunu Ayd\u0131nlatma Beyan\u0131[:] - Cancan Meyve Presleri","og_description":"[vc_row full_width=&#8221;stretch_row_content&#8221; tlg_padding=&#8221;pt0 pb0&#8243; css=&#8221;.vc_custom_1695986246834{margin-top: 40px !important;margin-bottom: 0px !important;}&#8221; el_class=&#8221;sss-section&#8221;][vc_column width=&#8221;1\/4&#8243;][vc_row_inner css=&#8221;.vc_custom_1695878398253{padding-top: 20px !important;padding-right: 10px !important;padding-bottom:...","og_url":"https:\/\/cancan.com.tr\/gizlilik-politikasi-2\/","og_site_name":"Cancan Meyve Presleri","article_modified_time":"2023-10-02T07:19:25+00:00","twitter_card":"summary_large_image","twitter_misc":{"Est. reading time":"10 minutes"},"schema":{"@context":"https:\/\/schema.org","@graph":[{"@type":"WebPage","@id":"https:\/\/cancan.com.tr\/gizlilik-politikasi-2\/","url":"https:\/\/cancan.com.tr\/gizlilik-politikasi-2\/","name":"[:en]Ki\u015fisel Verilerin Korunmas\u0131 Kanunu Ayd\u0131nlatma Beyan\u0131 EN[:tr]Ki\u015fisel Verilerin Korunmas\u0131 Kanunu Ayd\u0131nlatma Beyan\u0131[:] - Cancan Meyve Presleri","isPartOf":{"@id":"https:\/\/cancan.com.tr\/#website"},"datePublished":"2023-10-02T07:06:18+00:00","dateModified":"2023-10-02T07:19:25+00:00","breadcrumb":{"@id":"https:\/\/cancan.com.tr\/gizlilik-politikasi-2\/#breadcrumb"},"inLanguage":"en-US","potentialAction":[{"@type":"ReadAction","target":["https:\/\/cancan.com.tr\/gizlilik-politikasi-2\/"]}]},{"@type":"BreadcrumbList","@id":"https:\/\/cancan.com.tr\/gizlilik-politikasi-2\/#breadcrumb","itemListElement":[{"@type":"ListItem","position":1,"name":"Anasayfa","item":"https:\/\/cancan.com.tr\/"},{"@type":"ListItem","position":2,"name":"Ki\u015fisel Verilerin Korunmas\u0131 Kanunu Ayd\u0131nlatma Beyan\u0131"}]},{"@type":"WebSite","@id":"https:\/\/cancan.com.tr\/#website","url":"https:\/\/cancan.com.tr\/","name":"Cancan Meyve Presleri","description":"www.cancan.com.tr","publisher":{"@id":"https:\/\/cancan.com.tr\/#organization"},"potentialAction":[{"@type":"SearchAction","target":{"@type":"EntryPoint","urlTemplate":"https:\/\/cancan.com.tr\/?s={search_term_string}"},"query-input":{"@type":"PropertyValueSpecification","valueRequired":true,"valueName":"search_term_string"}}],"inLanguage":"en-US"},{"@type":"Organization","@id":"https:\/\/cancan.com.tr\/#organization","name":"Cancan Meyve Presleri","url":"https:\/\/cancan.com.tr\/","logo":{"@type":"ImageObject","inLanguage":"en-US","@id":"https:\/\/cancan.com.tr\/#\/schema\/logo\/image\/","url":"https:\/\/cancan.com.tr\/wp-content\/uploads\/2026\/03\/CancanLogo.png","contentUrl":"https:\/\/cancan.com.tr\/wp-content\/uploads\/2026\/03\/CancanLogo.png","width":362,"height":67,"caption":"Cancan Meyve Presleri"},"image":{"@id":"https:\/\/cancan.com.tr\/#\/schema\/logo\/image\/"}}]}},"_links":{"self":[{"href":"https:\/\/cancan.com.tr\/en\/wp-json\/wp\/v2\/pages\/8003","targetHints":{"allow":["GET"]}}],"collection":[{"href":"https:\/\/cancan.com.tr\/en\/wp-json\/wp\/v2\/pages"}],"about":[{"href":"https:\/\/cancan.com.tr\/en\/wp-json\/wp\/v2\/types\/page"}],"author":[{"embeddable":true,"href":"https:\/\/cancan.com.tr\/en\/wp-json\/wp\/v2\/users\/1"}],"replies":[{"embeddable":true,"href":"https:\/\/cancan.com.tr\/en\/wp-json\/wp\/v2\/comments?post=8003"}],"version-history":[{"count":3,"href":"https:\/\/cancan.com.tr\/en\/wp-json\/wp\/v2\/pages\/8003\/revisions"}],"predecessor-version":[{"id":8006,"href":"https:\/\/cancan.com.tr\/en\/wp-json\/wp\/v2\/pages\/8003\/revisions\/8006"}],"wp:attachment":[{"href":"https:\/\/cancan.com.tr\/en\/wp-json\/wp\/v2\/media?parent=8003"}],"curies":[{"name":"wp","href":"https:\/\/api.w.org\/{rel}","templated":true}]}}